{"id":88,"date":"2017-04-10T22:32:17","date_gmt":"2017-04-10T20:32:17","guid":{"rendered":"http:\/\/resoadom33.org\/?page_id=88"},"modified":"2017-04-10T22:32:17","modified_gmt":"2017-04-10T20:32:17","slug":"charte-des-droits-et-libertes","status":"publish","type":"page","link":"https:\/\/resoadom33.org\/index.php\/charte-des-droits-et-libertes\/","title":{"rendered":"charte des droits et libert\u00e9s"},"content":{"rendered":"<h1><strong>CHARTE DES DROITS ET LIBERT\u00c9S DU B\u00c9N\u00c9FICIAIRE<\/strong><\/h1>\n<h3><strong><u>Article 1<\/u><\/strong><strong> : PRINCIPE DE NON-DISCRIMINATION<\/strong><\/h3>\n<p><strong>\u00a0<\/strong>Dans le respect des conditions particuli\u00e8res de prise en charge et d&rsquo;accompagnement, pr\u00e9vues par la loi, nul ne peut faire l&rsquo;objet d&rsquo;une discrimination \u00e0 raison de son origine, notamment ethnique ou sociale, de son apparence physique, de ses caract\u00e9ristiques g\u00e9n\u00e9tiques, de son orientation sexuelle, de son handicap, de son \u00e2ge, de ses opinions et convictions, notamment politiques ou religieuses, lors d&rsquo;une prise en charge ou d&rsquo;un accompagnement, social ou m\u00e9dico-social.<\/p>\n<p>&nbsp;<\/p>\n<h3><strong><u>Article 2<\/u><\/strong><strong> : DROIT \u00c0 UNE PRISE EN CHARGE OU \u00c0 UN ACCOMPAGNEMENT ADAPT\u00c9<\/strong><\/h3>\n<p><strong>\u00a0<\/strong>La personne doit se voir proposer une prise en charge ou un accompagnement, individualis\u00e9 et le plus adapt\u00e9 possible \u00e0 ses besoins, dans la continuit\u00e9 des interventions.<\/p>\n<p>&nbsp;<\/p>\n<h3><strong><u>Article 3<\/u><\/strong><strong> : DROIT \u00c0 L&rsquo;INFORMATION<\/strong><\/h3>\n<p><strong>\u00a0<\/strong>La personne b\u00e9n\u00e9ficiaire de prestations ou de services a droit \u00e0 une information claire, compr\u00e9hensible et adapt\u00e9e sur la prise en charge et l&rsquo;accompagnement demand\u00e9s ou dont elle b\u00e9n\u00e9ficie ainsi que sur ses droits et sur l&rsquo;organisation et le fonctionnement de l&rsquo;\u00e9tablisse- ment, du service ou de la forme de prise en charge ou d&rsquo;accompagnement.\u2028La personne doit \u00e9galement \u00eatre inform\u00e9e sur les associations d&rsquo;usagers \u0153uvrant dans le m\u00eame domaine.<\/p>\n<p>La personne a acc\u00e8s aux informations la concernant dans les conditions pr\u00e9vues par la loi ou la r\u00e9glementation.\u2028La communication de ces informations ou documents par les personnes habilit\u00e9es \u00e0 les communiquer en vertu de la loi s&rsquo;effectue avec un accompagnement adapt\u00e9 de nature psychologique, m\u00e9dicale, th\u00e9rapeutique ou socio-\u00e9ducative.<\/p>\n<p>&nbsp;<\/p>\n<h3><strong><u>Article 4<\/u><\/strong><strong> : PRINCIPE DU LIBRE CHOIX, DU CONSENTEMENT \u00c9CLAIR\u00c9 ET DE LA PARTICIPATION DE LA PERSONNE<\/strong><\/h3>\n<p><strong>\u00a0<\/strong>Dans le respect des dispositions l\u00e9gales, des d\u00e9cisions de justice ou des mesures de protection judiciaire ainsi que des d\u00e9cisions d&rsquo;orientation :<\/p>\n<p>1\u00b0 La personne dispose du libre choix entre les prestations adapt\u00e9es qui lui sont offertes soit dans le cadre d&rsquo;un service \u00e0 son domicile, soit dans le cadre de son admission dans un \u00e9tablissement ou service, soit dans le cadre de tout mode d&rsquo;accompagnement ou de prise en charge ;<\/p>\n<p>2\u00b0 Le consentement \u00e9clair\u00e9 de la personne doit \u00eatre recherch\u00e9 en l&rsquo;informant, par tous les moyens adapt\u00e9s \u00e0 sa situation, des conditions et cons\u00e9quences de la prise en charge et de l&rsquo;accompagnement et en veillant \u00e0 sa compr\u00e9hension.<\/p>\n<p>3\u00b0 Le droit \u00e0 la participation directe, ou avec l&rsquo;aide de son repr\u00e9sentant l\u00e9gal, \u00e0 la conception et \u00e0 la mise en \u0153uvre du projet d&rsquo;accueil et d&rsquo;accompagnement.<\/p>\n<p>Le choix ou le consentement \u00e9clair\u00e9 est exerc\u00e9 par la famille ou le repr\u00e9sentant l\u00e9gal aupr\u00e8s de l&rsquo;\u00e9tablissement, du service ou dans le cadre des autres formes de prise en charge et d&rsquo;accompagnement lorsque le b\u00e9n\u00e9ficiaire se trouve dans l\u2019impossibilit\u00e9 de contracter.<\/p>\n<p>Pour ce qui concerne les prestations de soins d\u00e9livr\u00e9es par les \u00e9tablissements ou services m\u00e9dico-sociaux, la personne b\u00e9n\u00e9ficie des conditions d&rsquo;expression et de repr\u00e9sentation qui figurent au code de la sant\u00e9 publique.<\/p>\n<p>&nbsp;<\/p>\n<p><strong>Le b\u00e9n\u00e9ficiaire peut recourir \u00e0 une <u>personne de confiance<\/u>, au cas o\u00f9 il rencontre des difficult\u00e9s dans la connaissance et la compr\u00e9hension de ses droits ou bien pour un \u00e9ventuel accompagnement dans ses d\u00e9marches. <\/strong><\/p>\n<p>&nbsp;<\/p>\n<h3><strong><u>Article 5<\/u><\/strong><strong> : DROIT \u00c0 LA RENONCIATION<\/strong><\/h3>\n<p><strong>\u00a0<\/strong>La personne peut \u00e0 tout moment renoncer par \u00e9crit aux prestations dont elle b\u00e9n\u00e9ficie ou en demander le changement dans les conditions de capacit\u00e9s, d&rsquo;\u00e9coute et d&rsquo;expression ainsi que de communication pr\u00e9vues par la pr\u00e9sente charte, dans le respect des d\u00e9cisions de justice ou mesures de protection judiciaire, des d\u00e9cisions d&rsquo;orientation et des proc\u00e9dures de r\u00e9vision existantes \u00e0 cet effet.<\/p>\n<p>&nbsp;<\/p>\n<h3><strong><u>Article 6<\/u><\/strong><strong> : DROIT AU RESPECT DES LIENS FAMILIAUX<\/strong><\/h3>\n<p><strong>\u00a0<\/strong>La prise en charge ou l&rsquo;accompagnement doit favoriser le maintien des liens familiaux en \u00e9vitant la s\u00e9paration des familles ou des fratries prises en charge, dans le respect des souhaits de la personne, de la nature de la prestation dont elle b\u00e9n\u00e9ficie et des d\u00e9cisions de justice. En particulier, les \u00e9tablissements et les services assurant l&rsquo;accueil et la prise en charge ou l&rsquo;accompagnement des mineurs, des jeunes majeurs ou des personnes et familles en difficult\u00e9s ou en situation de d\u00e9tresse prennent, en relation avec les autorit\u00e9s publiques comp\u00e9tentes et les autres intervenants, toute mesure utile \u00e0 cette fin.<\/p>\n<p>Dans le respect du projet d&rsquo;accueil et d&rsquo;accompagnement individualis\u00e9 et du souhait de la personne, la participation de la famille aux activit\u00e9s de la vie quotidienne est soutenue.<\/p>\n<p>&nbsp;<\/p>\n<h3><strong><u>Article 7<\/u><\/strong><strong> : DROIT \u00c0 LA PROTECTION<\/strong><\/h3>\n<p><strong>\u00a0<\/strong>Il est garanti \u00e0 la personne accompagn\u00e9e tout comme \u00e0 ses repr\u00e9sentants l\u00e9gaux et \u00e0 sa famille, par l&rsquo;ensemble des personnels ou personnes r\u00e9alisant une prise en charge ou un accompagnement, le respect de la confidentialit\u00e9 des informations conform\u00e9ment aux prescrits de la loi.<\/p>\n<p>Il lui est \u00e9galement garanti le droit \u00e0 la protection, le droit \u00e0 la s\u00e9curit\u00e9, y compris sanitaire et alimentaire, le droit \u00e0 la sant\u00e9 et aux soins, le droit \u00e0 un suivi m\u00e9dical adapt\u00e9.<\/p>\n<p>&nbsp;<\/p>\n<h3><strong><u>Article 8<\/u><\/strong><strong> : DROIT \u00c0 L&rsquo;AUTONOMIE<\/strong><\/h3>\n<p><strong>\u00a0<\/strong>Dans les limites d\u00e9finies dans le cadre de la r\u00e9alisation de sa prise en charge ou de son accompagnement et sous r\u00e9serve des d\u00e9cisions de justice, des obligations contractuelles ou li\u00e9es \u00e0 la prestation dont elle b\u00e9n\u00e9ficie et des mesures de tutelle ou de curatelle renforc\u00e9e, il est garanti \u00e0 la personne la possibilit\u00e9 de circuler librement. A cet \u00e9gard, les relations avec la soci\u00e9t\u00e9, les visites dans l&rsquo;institution, \u00e0 l&rsquo;ext\u00e9rieur de celle-ci, sont favoris\u00e9es.<\/p>\n<p>Dans les m\u00eames limites et sous les m\u00eames r\u00e9serves, la personne r\u00e9sidente peut, pendant la dur\u00e9e de son s\u00e9jour, conserver des biens, effets et objets personnels et, lorsqu&rsquo;elle est majeure, disposer de son patrimoine et de ses revenus.<\/p>\n<p>&nbsp;<\/p>\n<h3><strong><u>Article 9<\/u><\/strong><strong> : PRINCIPE DE PREVENTION ET DE SOUTIEN<\/strong><\/h3>\n<p>Les cons\u00e9quences affectives et sociales qui peuvent r\u00e9sulter de la prise en charge ou de l&rsquo;accompagnement doivent \u00eatre prises en consid\u00e9ration. Il doit en \u00eatre tenu compte dans les objectifs individuels de prise en charge et d&rsquo;accompagnement.<\/p>\n<p>Le r\u00f4le des familles, des repr\u00e9sentants l\u00e9gaux ou des proches qui entourent de leurs soins la personne accueillie doit \u00eatre facilit\u00e9 avec son accord par l&rsquo;institution, dans le respect du projet d&rsquo;accueil et d&rsquo;accompagnement individualis\u00e9 et des d\u00e9cisions de justice.<\/p>\n<p>Les moments de fin de vie doivent faire l&rsquo;objet de soins, d&rsquo;assistance et de soutien adapt\u00e9s dans le respect des pratiques religieuses ou confessionnelles et convictions tant de la personne que de ses proches ou repr\u00e9sentants.<\/p>\n<p>&nbsp;<\/p>\n<h3><strong><u>Article 10<\/u><\/strong><strong> : DROIT \u00c0 L&rsquo;EXERCICE DES DROITS CIVIQUES ATTRIBU\u00c9S AU B\u00c9N\u00c9FICIAIRE<\/strong><\/h3>\n<p><strong>\u00a0<\/strong>L&rsquo;exercice effectif de la totalit\u00e9 des droits civiques attribu\u00e9s aux personnes accueillies et des libert\u00e9s individuelles est facilit\u00e9 par l&rsquo;institution, qui prend, \u00e0 cet effet, toutes mesures utiles dans le respect, si n\u00e9cessaire, des d\u00e9cisions de justice.<\/p>\n<p>&nbsp;<\/p>\n<h3><strong><u>Article 11<\/u><\/strong><strong> : DROIT \u00c0 LA PRATIQUE RELIGIEUSE<\/strong><\/h3>\n<p><strong>\u00a0<\/strong>Les conditions de la pratique religieuse, y compris la visite de repr\u00e9sentants des diff\u00e9rentes confessions, doivent \u00eatre facilit\u00e9es, sans que celles-ci puissent faire obstacle aux missions des \u00e9tablissements ou services. Les personnels et les b\u00e9n\u00e9ficiaires s&rsquo;obligent \u00e0 un respect mutuel des croyances, convictions et opinions. Ce droit \u00e0 la pratique religieuse s&rsquo;exerce dans le respect de la libert\u00e9 d&rsquo;autrui et sous r\u00e9serve que son exercice ne trouble pas le fonctionnement normal des \u00e9tablissements et services.<\/p>\n<p>&nbsp;<\/p>\n<h3><strong><u>Article 12<\/u><\/strong><strong> : RESPECT DE LA DIGNIT\u00c9 DE LA PERSONNE ET DE SON INTIMIT\u00c9<\/strong><\/h3>\n<p><strong>\u00a0<\/strong>Le respect de la dignit\u00e9 et de l&rsquo;int\u00e9grit\u00e9 de la personne est garanti. Hors la n\u00e9cessit\u00e9 exclusive et objective de la r\u00e9alisation de la prise en charge ou de l&rsquo;accompagnement, le droit \u00e0 l&rsquo;intimit\u00e9 doit \u00eatre pr\u00e9serv\u00e9.<\/p>\n","protected":false},"excerpt":{"rendered":"<p>CHARTE DES DROITS ET LIBERT\u00c9S DU B\u00c9N\u00c9FICIAIRE Article 1 : PRINCIPE DE NON-DISCRIMINATION \u00a0Dans le respect des conditions particuli\u00e8res de prise en charge et d&rsquo;accompagnement, pr\u00e9vues par la loi, nul ne peut faire l&rsquo;objet d&rsquo;une discrimination \u00e0 raison de son origine, notamment ethnique ou sociale, de son apparence physique, de ses caract\u00e9ristiques g\u00e9n\u00e9tiques, de son [&hellip;]<\/p>\n","protected":false},"author":1,"featured_media":0,"parent":0,"menu_order":0,"comment_status":"closed","ping_status":"closed","template":"","meta":{"footnotes":""},"class_list":["post-88","page","type-page","status-publish","hentry","post"],"_links":{"self":[{"href":"https:\/\/resoadom33.org\/index.php\/wp-json\/wp\/v2\/pages\/88","targetHints":{"allow":["GET"]}}],"collection":[{"href":"https:\/\/resoadom33.org\/index.php\/wp-json\/wp\/v2\/pages"}],"about":[{"href":"https:\/\/resoadom33.org\/index.php\/wp-json\/wp\/v2\/types\/page"}],"author":[{"embeddable":true,"href":"https:\/\/resoadom33.org\/index.php\/wp-json\/wp\/v2\/users\/1"}],"replies":[{"embeddable":true,"href":"https:\/\/resoadom33.org\/index.php\/wp-json\/wp\/v2\/comments?post=88"}],"version-history":[{"count":1,"href":"https:\/\/resoadom33.org\/index.php\/wp-json\/wp\/v2\/pages\/88\/revisions"}],"predecessor-version":[{"id":89,"href":"https:\/\/resoadom33.org\/index.php\/wp-json\/wp\/v2\/pages\/88\/revisions\/89"}],"wp:attachment":[{"href":"https:\/\/resoadom33.org\/index.php\/wp-json\/wp\/v2\/media?parent=88"}],"curies":[{"name":"wp","href":"https:\/\/api.w.org\/{rel}","templated":true}]}}